{"version":"1.0","provider_name":"TEFE","provider_url":"https:\/\/www.snutefifsu.fr\/tefe","author_name":"fsutefe","author_url":"https:\/\/www.snutefifsu.fr\/tefe\/author\/branislava\/","title":"Gel des recrutements au Minist\u00e8re du travail - TEFE","type":"rich","width":600,"height":338,"html":"<blockquote class=\"wp-embedded-content\" data-secret=\"NswXVopwXK\"><a href=\"https:\/\/www.snutefifsu.fr\/tefe\/gel-des-recrutements-au-ministere-du-travail\/\">Gel des recrutements au Minist\u00e8re du travail<\/a><\/blockquote><iframe sandbox=\"allow-scripts\" security=\"restricted\" src=\"https:\/\/www.snutefifsu.fr\/tefe\/gel-des-recrutements-au-ministere-du-travail\/embed\/#?secret=NswXVopwXK\" width=\"600\" height=\"338\" title=\"\u00ab\u00a0Gel des recrutements au Minist\u00e8re du travail\u00a0\u00bb &#8212; TEFE\" data-secret=\"NswXVopwXK\" frameborder=\"0\" marginwidth=\"0\" marginheight=\"0\" scrolling=\"no\" class=\"wp-embedded-content\"><\/iframe><script type=\"text\/javascript\">\n\/* <![CDATA[ *\/\n\/*! This file is auto-generated *\/\n!function(d,l){\"use strict\";l.querySelector&&d.addEventListener&&\"undefined\"!=typeof URL&&(d.wp=d.wp||{},d.wp.receiveEmbedMessage||(d.wp.receiveEmbedMessage=function(e){var t=e.data;if((t||t.secret||t.message||t.value)&&!\/[^a-zA-Z0-9]\/.test(t.secret)){for(var s,r,n,a=l.querySelectorAll('iframe[data-secret=\"'+t.secret+'\"]'),o=l.querySelectorAll('blockquote[data-secret=\"'+t.secret+'\"]'),c=new RegExp(\"^https?:$\",\"i\"),i=0;i<o.length;i++)o[i].style.display=\"none\";for(i=0;i<a.length;i++)s=a[i],e.source===s.contentWindow&&(s.removeAttribute(\"style\"),\"height\"===t.message?(1e3<(r=parseInt(t.value,10))?r=1e3:~~r<200&&(r=200),s.height=r):\"link\"===t.message&&(r=new URL(s.getAttribute(\"src\")),n=new URL(t.value),c.test(n.protocol))&&n.host===r.host&&l.activeElement===s&&(d.top.location.href=t.value))}},d.addEventListener(\"message\",d.wp.receiveEmbedMessage,!1),l.addEventListener(\"DOMContentLoaded\",function(){for(var e,t,s=l.querySelectorAll(\"iframe.wp-embedded-content\"),r=0;r<s.length;r++)(t=(e=s[r]).getAttribute(\"data-secret\"))||(t=Math.random().toString(36).substring(2,12),e.src+=\"#?secret=\"+t,e.setAttribute(\"data-secret\",t)),e.contentWindow.postMessage({message:\"ready\",secret:t},\"*\")},!1)))}(window,document);\n\/* ]]> *\/\n<\/script>\n","thumbnail_url":"https:\/\/www.snutefifsu.fr\/tefe\/wp-content\/uploads\/sites\/2\/2024\/07\/1721370964981-1-scaled.jpg","thumbnail_width":2560,"thumbnail_height":1922,"description":"Bien que la politique du gouvernement actuel ait \u00e9t\u00e9 largement remise en cause lors des derni\u00e8res \u00e9lections l\u00e9gislatives, la machine \u00e0 broyer continue d\u2019op\u00e9rer dans notre minist\u00e8re. L\u2019instruction du 15 juillet ci-jointe annonce encore que les contrats de contractuels seront non reconduits, et les d\u00e9parts non remplac\u00e9s, jusqu\u2019\u00e0 fin 2024. Alors, jeudi 18 juillet, plusieurs [&hellip;]"}