{"version":"1.0","provider_name":"TEFE","provider_url":"https:\/\/www.snutefifsu.fr\/tefe","author_name":"TEFE","author_url":"https:\/\/www.snutefifsu.fr\/tefe","title":"La FSU \u00e9voque les retraites - TEFE","type":"rich","width":600,"height":338,"html":"<blockquote class=\"wp-embedded-content\" data-secret=\"CTGUg3u7VW\"><a href=\"https:\/\/www.snutefifsu.fr\/tefe\/la-fsu-evoque-les-retraites\/\">La FSU \u00e9voque les retraites<\/a><\/blockquote><iframe sandbox=\"allow-scripts\" security=\"restricted\" src=\"https:\/\/www.snutefifsu.fr\/tefe\/la-fsu-evoque-les-retraites\/embed\/#?secret=CTGUg3u7VW\" width=\"600\" height=\"338\" title=\"\u00ab\u00a0La FSU \u00e9voque les retraites\u00a0\u00bb &#8212; TEFE\" data-secret=\"CTGUg3u7VW\" frameborder=\"0\" marginwidth=\"0\" marginheight=\"0\" scrolling=\"no\" class=\"wp-embedded-content\"><\/iframe><script type=\"text\/javascript\">\n\/* <![CDATA[ *\/\n\/*! This file is auto-generated *\/\n!function(d,l){\"use strict\";l.querySelector&&d.addEventListener&&\"undefined\"!=typeof URL&&(d.wp=d.wp||{},d.wp.receiveEmbedMessage||(d.wp.receiveEmbedMessage=function(e){var t=e.data;if((t||t.secret||t.message||t.value)&&!\/[^a-zA-Z0-9]\/.test(t.secret)){for(var s,r,n,a=l.querySelectorAll('iframe[data-secret=\"'+t.secret+'\"]'),o=l.querySelectorAll('blockquote[data-secret=\"'+t.secret+'\"]'),c=new RegExp(\"^https?:$\",\"i\"),i=0;i<o.length;i++)o[i].style.display=\"none\";for(i=0;i<a.length;i++)s=a[i],e.source===s.contentWindow&&(s.removeAttribute(\"style\"),\"height\"===t.message?(1e3<(r=parseInt(t.value,10))?r=1e3:~~r<200&&(r=200),s.height=r):\"link\"===t.message&&(r=new URL(s.getAttribute(\"src\")),n=new URL(t.value),c.test(n.protocol))&&n.host===r.host&&l.activeElement===s&&(d.top.location.href=t.value))}},d.addEventListener(\"message\",d.wp.receiveEmbedMessage,!1),l.addEventListener(\"DOMContentLoaded\",function(){for(var e,t,s=l.querySelectorAll(\"iframe.wp-embedded-content\"),r=0;r<s.length;r++)(t=(e=s[r]).getAttribute(\"data-secret\"))||(t=Math.random().toString(36).substring(2,12),e.src+=\"#?secret=\"+t,e.setAttribute(\"data-secret\",t)),e.contentWindow.postMessage({message:\"ready\",secret:t},\"*\")},!1)))}(window,document);\n\/* ]]> *\/\n<\/script>\n","thumbnail_url":"https:\/\/www.snutefifsu.fr\/tefe\/wp-content\/uploads\/sites\/2\/2014\/09\/FSUpublications.png","thumbnail_width":600,"thumbnail_height":600,"description":"Il y a 4 ans, la loi \u00ab garantissant l&rsquo;avenir et la justice du syst\u00e8me de retraites \u00bb \u00e9tait publi\u00e9e\u2026 Or, voil\u00e0 qu\u2019en 2017 le Pr\u00e9sident annonce d\u00e9j\u00e0 une nouvelle r\u00e9forme pour \u00ab restaurer la confiance des fran\u00e7ais dans leur syst\u00e8me de retraites \u00bb\u2026 Comment croire \u00e0 la sinc\u00e9rit\u00e9 d\u2019un tel objectif quand le gouvernement [&hellip;]"}