{"version":"1.0","provider_name":"TEFE","provider_url":"https:\/\/www.snutefifsu.fr\/tefe","author_name":"SNU","author_url":"https:\/\/www.snutefifsu.fr\/tefe\/author\/snu\/","title":"L\u2019extr\u00eame droite battue, continuons nos combats - TEFE","type":"rich","width":600,"height":338,"html":"<blockquote class=\"wp-embedded-content\" data-secret=\"2fy4fuTBJk\"><a href=\"https:\/\/www.snutefifsu.fr\/tefe\/lextreme-droite-battue-continuons-nos-combats\/\">L\u2019extr\u00eame droite battue, continuons nos combats<\/a><\/blockquote><iframe sandbox=\"allow-scripts\" security=\"restricted\" src=\"https:\/\/www.snutefifsu.fr\/tefe\/lextreme-droite-battue-continuons-nos-combats\/embed\/#?secret=2fy4fuTBJk\" width=\"600\" height=\"338\" title=\"\u00ab\u00a0L\u2019extr\u00eame droite battue, continuons nos combats\u00a0\u00bb &#8212; TEFE\" data-secret=\"2fy4fuTBJk\" frameborder=\"0\" marginwidth=\"0\" marginheight=\"0\" scrolling=\"no\" class=\"wp-embedded-content\"><\/iframe><script type=\"text\/javascript\">\n\/* <![CDATA[ *\/\n\/*! This file is auto-generated *\/\n!function(d,l){\"use strict\";l.querySelector&&d.addEventListener&&\"undefined\"!=typeof URL&&(d.wp=d.wp||{},d.wp.receiveEmbedMessage||(d.wp.receiveEmbedMessage=function(e){var t=e.data;if((t||t.secret||t.message||t.value)&&!\/[^a-zA-Z0-9]\/.test(t.secret)){for(var s,r,n,a=l.querySelectorAll('iframe[data-secret=\"'+t.secret+'\"]'),o=l.querySelectorAll('blockquote[data-secret=\"'+t.secret+'\"]'),c=new RegExp(\"^https?:$\",\"i\"),i=0;i<o.length;i++)o[i].style.display=\"none\";for(i=0;i<a.length;i++)s=a[i],e.source===s.contentWindow&&(s.removeAttribute(\"style\"),\"height\"===t.message?(1e3<(r=parseInt(t.value,10))?r=1e3:~~r<200&&(r=200),s.height=r):\"link\"===t.message&&(r=new URL(s.getAttribute(\"src\")),n=new URL(t.value),c.test(n.protocol))&&n.host===r.host&&l.activeElement===s&&(d.top.location.href=t.value))}},d.addEventListener(\"message\",d.wp.receiveEmbedMessage,!1),l.addEventListener(\"DOMContentLoaded\",function(){for(var e,t,s=l.querySelectorAll(\"iframe.wp-embedded-content\"),r=0;r<s.length;r++)(t=(e=s[r]).getAttribute(\"data-secret\"))||(t=Math.random().toString(36).substring(2,12),e.src+=\"#?secret=\"+t,e.setAttribute(\"data-secret\",t)),e.contentWindow.postMessage({message:\"ready\",secret:t},\"*\")},!1)))}(window,document);\n\/* ]]> *\/\n<\/script>\n","thumbnail_url":"https:\/\/www.snutefifsu.fr\/tefe\/wp-content\/uploads\/sites\/2\/2022\/04\/LOGO_FSU.png","thumbnail_width":206,"thumbnail_height":200,"description":"D\u00e8s le 1er mai, mobilisons-nous pour les salaires, les emplois, les conditions de travail. L\u2019extr\u00eame droite battue, continuons nos combats pour consolider la d\u00e9mocratie et agir pour le progr\u00e8s social. D\u00e8s le 1er mai, mobilisons-nous pour les salaires, les emplois, les conditions de travail. La FSU se f\u00e9licite que le danger imm\u00e9diat d\u2019une accession au [&hellip;]"}