{"version":"1.0","provider_name":"TEFE","provider_url":"https:\/\/www.snutefifsu.fr\/tefe","author_name":"SNU","author_url":"https:\/\/www.snutefifsu.fr\/tefe\/author\/snu\/","title":"Mise en place de la strat\u00e9gie gouvernementale - TEFE","type":"rich","width":600,"height":338,"html":"<blockquote class=\"wp-embedded-content\" data-secret=\"YlvyMOGwvS\"><a href=\"https:\/\/www.snutefifsu.fr\/tefe\/mise-en-place-de-la-strategie-gouvernementale\/\">Mise en place de la strat\u00e9gie gouvernementale<\/a><\/blockquote><iframe sandbox=\"allow-scripts\" security=\"restricted\" src=\"https:\/\/www.snutefifsu.fr\/tefe\/mise-en-place-de-la-strategie-gouvernementale\/embed\/#?secret=YlvyMOGwvS\" width=\"600\" height=\"338\" title=\"\u00ab\u00a0Mise en place de la strat\u00e9gie gouvernementale\u00a0\u00bb &#8212; TEFE\" data-secret=\"YlvyMOGwvS\" frameborder=\"0\" marginwidth=\"0\" marginheight=\"0\" scrolling=\"no\" class=\"wp-embedded-content\"><\/iframe><script type=\"text\/javascript\">\n\/* <![CDATA[ *\/\n\/*! This file is auto-generated *\/\n!function(d,l){\"use strict\";l.querySelector&&d.addEventListener&&\"undefined\"!=typeof URL&&(d.wp=d.wp||{},d.wp.receiveEmbedMessage||(d.wp.receiveEmbedMessage=function(e){var t=e.data;if((t||t.secret||t.message||t.value)&&!\/[^a-zA-Z0-9]\/.test(t.secret)){for(var s,r,n,a=l.querySelectorAll('iframe[data-secret=\"'+t.secret+'\"]'),o=l.querySelectorAll('blockquote[data-secret=\"'+t.secret+'\"]'),c=new RegExp(\"^https?:$\",\"i\"),i=0;i<o.length;i++)o[i].style.display=\"none\";for(i=0;i<a.length;i++)s=a[i],e.source===s.contentWindow&&(s.removeAttribute(\"style\"),\"height\"===t.message?(1e3<(r=parseInt(t.value,10))?r=1e3:~~r<200&&(r=200),s.height=r):\"link\"===t.message&&(r=new URL(s.getAttribute(\"src\")),n=new URL(t.value),c.test(n.protocol))&&n.host===r.host&&l.activeElement===s&&(d.top.location.href=t.value))}},d.addEventListener(\"message\",d.wp.receiveEmbedMessage,!1),l.addEventListener(\"DOMContentLoaded\",function(){for(var e,t,s=l.querySelectorAll(\"iframe.wp-embedded-content\"),r=0;r<s.length;r++)(t=(e=s[r]).getAttribute(\"data-secret\"))||(t=Math.random().toString(36).substring(2,12),e.src+=\"#?secret=\"+t,e.setAttribute(\"data-secret\",t)),e.contentWindow.postMessage({message:\"ready\",secret:t},\"*\")},!1)))}(window,document);\n\/* ]]> *\/\n<\/script>\n","thumbnail_url":"https:\/\/www.snutefifsu.fr\/tefe\/wp-content\/uploads\/sites\/2\/2015\/03\/snu_tefe_fsu.png","thumbnail_width":425,"thumbnail_height":425,"description":"Au CTM, une mise en place de la strat\u00e9gie gouvernementale \u00a0par petites touches \u00a0\u00bb C\u2019est dans cette direction que le gouvernement a d\u00e9cid\u00e9 de foncer avec son plan CAP 2022 qu\u2019il tarde \u00e0 d\u00e9voiler pour \u00e9viter une\u00a0convergence des m\u00e9contentements durant le conflit social port\u00e9 par les cheminots confront\u00e9s \u00e0 la casse programm\u00e9e de la SNCF [&hellip;]"}