{"version":"1.0","provider_name":"TEFE","provider_url":"https:\/\/www.snutefifsu.fr\/tefe","author_name":"SNU","author_url":"https:\/\/www.snutefifsu.fr\/tefe\/author\/snu\/","title":"Retraites priv\u00e9 et public : toutes et tous concern\u00e9s - TEFE","type":"rich","width":600,"height":338,"html":"<blockquote class=\"wp-embedded-content\" data-secret=\"adDyPCox8J\"><a href=\"https:\/\/www.snutefifsu.fr\/tefe\/retraites-prive-et-public-toutes-et-tous-concernes\/\">Retraites priv\u00e9 et public : toutes et tous concern\u00e9s<\/a><\/blockquote><iframe sandbox=\"allow-scripts\" security=\"restricted\" src=\"https:\/\/www.snutefifsu.fr\/tefe\/retraites-prive-et-public-toutes-et-tous-concernes\/embed\/#?secret=adDyPCox8J\" width=\"600\" height=\"338\" title=\"\u00ab\u00a0Retraites priv\u00e9 et public : toutes et tous concern\u00e9s\u00a0\u00bb &#8212; TEFE\" data-secret=\"adDyPCox8J\" frameborder=\"0\" marginwidth=\"0\" marginheight=\"0\" scrolling=\"no\" class=\"wp-embedded-content\"><\/iframe><script type=\"text\/javascript\">\n\/* <![CDATA[ *\/\n\/*! This file is auto-generated *\/\n!function(d,l){\"use strict\";l.querySelector&&d.addEventListener&&\"undefined\"!=typeof URL&&(d.wp=d.wp||{},d.wp.receiveEmbedMessage||(d.wp.receiveEmbedMessage=function(e){var t=e.data;if((t||t.secret||t.message||t.value)&&!\/[^a-zA-Z0-9]\/.test(t.secret)){for(var s,r,n,a=l.querySelectorAll('iframe[data-secret=\"'+t.secret+'\"]'),o=l.querySelectorAll('blockquote[data-secret=\"'+t.secret+'\"]'),c=new RegExp(\"^https?:$\",\"i\"),i=0;i<o.length;i++)o[i].style.display=\"none\";for(i=0;i<a.length;i++)s=a[i],e.source===s.contentWindow&&(s.removeAttribute(\"style\"),\"height\"===t.message?(1e3<(r=parseInt(t.value,10))?r=1e3:~~r<200&&(r=200),s.height=r):\"link\"===t.message&&(r=new URL(s.getAttribute(\"src\")),n=new URL(t.value),c.test(n.protocol))&&n.host===r.host&&l.activeElement===s&&(d.top.location.href=t.value))}},d.addEventListener(\"message\",d.wp.receiveEmbedMessage,!1),l.addEventListener(\"DOMContentLoaded\",function(){for(var e,t,s=l.querySelectorAll(\"iframe.wp-embedded-content\"),r=0;r<s.length;r++)(t=(e=s[r]).getAttribute(\"data-secret\"))||(t=Math.random().toString(36).substring(2,12),e.src+=\"#?secret=\"+t,e.setAttribute(\"data-secret\",t)),e.contentWindow.postMessage({message:\"ready\",secret:t},\"*\")},!1)))}(window,document);\n\/* ]]> *\/\n<\/script>\n","thumbnail_url":"https:\/\/www.snutefifsu.fr\/tefe\/wp-content\/uploads\/sites\/2\/2019\/12\/greve.png","thumbnail_width":200,"thumbnail_height":200,"description":"Communiqu\u00e9 des F\u00e9d\u00e9rations CGT, FO, SNUTEFI-FSU, SUD de la protection sociale et du service public de l\u2019emploi. Les F\u00e9d\u00e9rations r\u00e9unies le 27 novembre 2019 \u00e0 la Bourse du travail de Paris r\u00e9affirment leur totale opposition au projet de r\u00e9forme Macron\/Delevoy sur les retraites et exigent son retrait. Cette r\u00e9forme frapperait l\u2019ensemble des salari\u00e9s actifs, priv\u00e9s d\u2019emploi, retrait\u00e9s, contrairement au plan de communication gouvernemental, qui laisse \u00e0 penser que seuls les r\u00e9gimes sp\u00e9ciaux sont concern\u00e9s (RATP, SNCF\u2026)."}